{"id":433,"date":"2021-03-20T12:45:39","date_gmt":"2021-03-20T11:45:39","guid":{"rendered":"http:\/\/51.83.132.88\/?page_id=433"},"modified":"2022-03-11T14:46:36","modified_gmt":"2022-03-11T13:46:36","slug":"wydarzenia","status":"publish","type":"page","link":"https:\/\/parafiadrohiczyn.pl\/index.php\/aktualnosci\/wydarzenia\/","title":{"rendered":"Wydarzenia"},"content":{"rendered":"\n<div class=\"display-posts-listing grid\"><div class=\"listing-item\"><a class=\"image\" href=\"https:\/\/parafiadrohiczyn.pl\/index.php\/2026\/02\/17\/pielgrzymka-do-grecji\/\"><img loading=\"lazy\" decoding=\"async\" width=\"300\" height=\"230\" src=\"https:\/\/parafiadrohiczyn.pl\/wp-content\/uploads\/2026\/02\/Screenshot-2026-02-17-at-22.20.41-300x230.jpg\" class=\"attachment-medium size-medium wp-post-image\" alt=\"\" srcset=\"https:\/\/parafiadrohiczyn.pl\/wp-content\/uploads\/2026\/02\/Screenshot-2026-02-17-at-22.20.41-300x230.jpg 300w, https:\/\/parafiadrohiczyn.pl\/wp-content\/uploads\/2026\/02\/Screenshot-2026-02-17-at-22.20.41.jpg 392w\" sizes=\"auto, (max-width: 300px) 100vw, 300px\" \/><\/a> <a class=\"title\" href=\"https:\/\/parafiadrohiczyn.pl\/index.php\/2026\/02\/17\/pielgrzymka-do-grecji\/\">PIELGRZYMKA DO GRECJI<\/a> <span class=\"date\">17 lutego, 2026<\/span> <span class=\"excerpt-dash\">-<\/span> <span class=\"excerpt\">BUDAPESZT \u00b7 BELGRAD \u00b7 SALONIKI \u00b7 AMFIPOLIS \u00b7 FILIPPI \u00b7 KAVALLA \u00b7 WERIA \u00b7 KALAMBAKA \u00b7 DELFY \u00b7 OSSIOS LOUKAS \u00b7 ATENY \u00b7 KANA\u0141 KORYNCKI \u00b7 KORYNT \u00b7 EPIDAUROS \u00b7 NAFPLIO \u00b7 MYKENY \u00b7 PATRAS \u00b7 WENECJA PROGRAM RAMOWY 12 DNI DZIE\u0143 1&nbsp;&nbsp;23.09Zbi\u00f3rka uczestnik\u00f3w i wyjazd we wczesnych godzinach porannych.&nbsp;Przejazd do&nbsp;Budapesztu&nbsp;\u2013 miasta uwa\u017canego za jedn\u0105 [&hellip;]<\/span><\/div><div class=\"listing-item\"><a class=\"image\" href=\"https:\/\/parafiadrohiczyn.pl\/index.php\/2024\/01\/30\/koncert\/\"><img loading=\"lazy\" decoding=\"async\" width=\"300\" height=\"200\" src=\"https:\/\/parafiadrohiczyn.pl\/wp-content\/uploads\/2024\/01\/DSC_2517-300x200.jpg\" class=\"attachment-medium size-medium wp-post-image\" alt=\"\" srcset=\"https:\/\/parafiadrohiczyn.pl\/wp-content\/uploads\/2024\/01\/DSC_2517-300x200.jpg 300w, https:\/\/parafiadrohiczyn.pl\/wp-content\/uploads\/2024\/01\/DSC_2517-1024x682.jpg 1024w, https:\/\/parafiadrohiczyn.pl\/wp-content\/uploads\/2024\/01\/DSC_2517-768x512.jpg 768w, https:\/\/parafiadrohiczyn.pl\/wp-content\/uploads\/2024\/01\/DSC_2517-1536x1024.jpg 1536w, https:\/\/parafiadrohiczyn.pl\/wp-content\/uploads\/2024\/01\/DSC_2517-624x416.jpg 624w, https:\/\/parafiadrohiczyn.pl\/wp-content\/uploads\/2024\/01\/DSC_2517.jpg 2000w\" sizes=\"auto, (max-width: 300px) 100vw, 300px\" \/><\/a> <a class=\"title\" href=\"https:\/\/parafiadrohiczyn.pl\/index.php\/2024\/01\/30\/koncert\/\">Koncert kol\u0119d ch\u00f3ru z Firmy Pronar<\/a> <span class=\"date\">30 stycznia, 2024<\/span> <span class=\"excerpt-dash\">-<\/span> <span class=\"excerpt\">W niedziel\u0119 28 stycznia 2024 r. o godz. 11.40, w drohiczy\u0144skiej katedrze wys\u0142uchali\u015bmy pi\u0119knego koncertu kol\u0119d w wykonaniu ch\u00f3rzyst\u00f3w, kt\u00f3rzy reprezentowali firm\u0119 Pronar. Ch\u00f3r powsta\u0142 w 2022 r. z inicjatywy pana Sergiusza Martyniuka prezesa firmy Pronar, a jego prowadzeniem zajmuje si\u0119 Pani Profesor Wioletta Mi\u0142kowska, pracuj\u0105cej na co dzie\u0144 na Uniwersytecie Muzycznym im. Fryderyka Chopina [&hellip;]<\/span><\/div><div class=\"listing-item\"><a class=\"image\" href=\"https:\/\/parafiadrohiczyn.pl\/index.php\/2024\/01\/26\/ferie-zimowe-w-nurcu-stacji-2024\/\"><img loading=\"lazy\" decoding=\"async\" width=\"300\" height=\"200\" src=\"https:\/\/parafiadrohiczyn.pl\/wp-content\/uploads\/2024\/01\/DSC_2499-300x200.jpg\" class=\"attachment-medium size-medium wp-post-image\" alt=\"\" srcset=\"https:\/\/parafiadrohiczyn.pl\/wp-content\/uploads\/2024\/01\/DSC_2499-300x200.jpg 300w, https:\/\/parafiadrohiczyn.pl\/wp-content\/uploads\/2024\/01\/DSC_2499-1024x682.jpg 1024w, https:\/\/parafiadrohiczyn.pl\/wp-content\/uploads\/2024\/01\/DSC_2499-768x512.jpg 768w, https:\/\/parafiadrohiczyn.pl\/wp-content\/uploads\/2024\/01\/DSC_2499-1536x1024.jpg 1536w, https:\/\/parafiadrohiczyn.pl\/wp-content\/uploads\/2024\/01\/DSC_2499-624x416.jpg 624w, https:\/\/parafiadrohiczyn.pl\/wp-content\/uploads\/2024\/01\/DSC_2499.jpg 2000w\" sizes=\"auto, (max-width: 300px) 100vw, 300px\" \/><\/a> <a class=\"title\" href=\"https:\/\/parafiadrohiczyn.pl\/index.php\/2024\/01\/26\/ferie-zimowe-w-nurcu-stacji-2024\/\">Ferie zimowe w Nurcu-Stacji 2024\u00a0<\/a> <span class=\"date\">26 stycznia, 2024<\/span> <span class=\"excerpt-dash\">-<\/span> <span class=\"excerpt\">W dniach 22,23 i 24 stycznia 2024 r. ministranci z parafii drohiczy\u0144skiej wypoczywali w Domu Betania w Nurcu-Stacji, kt\u00f3ry prowadz\u0105 Siostry Urszulanki. Opiek\u0119 na m\u0142odzie\u017c\u0105 sprawowali: s. Ma\u0142gorzata Mackiewicz, Sercanka i ks. Wies\u0142aw Niemyjski. Czas naszego pobytu wype\u0142ni\u0142a modlitwa w kaplicy si\u00f3str: r\u00f3\u017caniec, modlitwa brewiarzowa i Eucharystia. W kaplicy r\u00f3wnie\u017c uczyli\u015bmy si\u0119 \u015bpiewa\u0107 pie\u015bni liturgiczne. [&hellip;]<\/span><\/div><div class=\"listing-item\"><a class=\"image\" href=\"https:\/\/parafiadrohiczyn.pl\/index.php\/2023\/12\/10\/wielkie-koledowanie-na-podlasiu\/\"><img loading=\"lazy\" decoding=\"async\" width=\"213\" height=\"300\" src=\"https:\/\/parafiadrohiczyn.pl\/wp-content\/uploads\/2023\/12\/Screenshot-2023-12-10-at-08.37.22-213x300.png\" class=\"attachment-medium size-medium wp-post-image\" alt=\"\" srcset=\"https:\/\/parafiadrohiczyn.pl\/wp-content\/uploads\/2023\/12\/Screenshot-2023-12-10-at-08.37.22-213x300.png 213w, https:\/\/parafiadrohiczyn.pl\/wp-content\/uploads\/2023\/12\/Screenshot-2023-12-10-at-08.37.22-727x1024.png 727w, https:\/\/parafiadrohiczyn.pl\/wp-content\/uploads\/2023\/12\/Screenshot-2023-12-10-at-08.37.22-768x1082.png 768w, https:\/\/parafiadrohiczyn.pl\/wp-content\/uploads\/2023\/12\/Screenshot-2023-12-10-at-08.37.22-624x879.png 624w, https:\/\/parafiadrohiczyn.pl\/wp-content\/uploads\/2023\/12\/Screenshot-2023-12-10-at-08.37.22.png 860w\" sizes=\"auto, (max-width: 213px) 100vw, 213px\" \/><\/a> <a class=\"title\" href=\"https:\/\/parafiadrohiczyn.pl\/index.php\/2023\/12\/10\/wielkie-koledowanie-na-podlasiu\/\">Wielkie Kol\u0119dowanie Na Podlasiu<\/a> <span class=\"date\">10 grudnia, 2023<\/span> <span class=\"excerpt-dash\">-<\/span> <span class=\"excerpt\">16.12 Sobota godz. 19:00<\/span><\/div><div class=\"listing-item\"><a class=\"image\" href=\"https:\/\/parafiadrohiczyn.pl\/index.php\/2023\/09\/26\/katechezy-o-sw-jozefie-w-drohiczynie\/\"><img loading=\"lazy\" decoding=\"async\" width=\"300\" height=\"250\" src=\"https:\/\/parafiadrohiczyn.pl\/wp-content\/uploads\/2023\/09\/IMG_0909-300x250.jpg\" class=\"attachment-medium size-medium wp-post-image\" alt=\"\" srcset=\"https:\/\/parafiadrohiczyn.pl\/wp-content\/uploads\/2023\/09\/IMG_0909-300x250.jpg 300w, https:\/\/parafiadrohiczyn.pl\/wp-content\/uploads\/2023\/09\/IMG_0909-1024x855.jpg 1024w, https:\/\/parafiadrohiczyn.pl\/wp-content\/uploads\/2023\/09\/IMG_0909-768x641.jpg 768w, https:\/\/parafiadrohiczyn.pl\/wp-content\/uploads\/2023\/09\/IMG_0909-1536x1282.jpg 1536w, https:\/\/parafiadrohiczyn.pl\/wp-content\/uploads\/2023\/09\/IMG_0909-2048x1709.jpg 2048w, https:\/\/parafiadrohiczyn.pl\/wp-content\/uploads\/2023\/09\/IMG_0909-624x521.jpg 624w\" sizes=\"auto, (max-width: 300px) 100vw, 300px\" \/><\/a> <a class=\"title\" href=\"https:\/\/parafiadrohiczyn.pl\/index.php\/2023\/09\/26\/katechezy-o-sw-jozefie-w-drohiczynie\/\">Katechezy o \u015bw. J\u00f3zefie w Drohiczynie<\/a> <span class=\"date\">26 wrze\u015bnia, 2023<\/span> <span class=\"excerpt-dash\">-<\/span> <span class=\"excerpt\">W najbli\u017cszy czwartek 28 wrze\u015bnia 2023 r. o godz. 18.45 rozpoczynamy cykl katechez dla wszystkich o \u015bwi\u0119tym J\u00f3zefie. B\u0119d\u0105 si\u0119 one odbywa\u0142y zawsze w ostatni czwartek miesi\u0105ca na plebanii w Drohiczynie (ul. Ko\u015bcielna 10a, Drohiczyn) po wieczornym nabo\u017ce\u0144stwie (ok. 18.45). Katechezy prowadzi ks. dr Rafa\u0142 Pokrywi\u0144ski, wyk\u0142adowca UKSW w Warszawie. Przez ostatnie lata odbywa\u0142y si\u0119 [&hellip;]<\/span><\/div><div class=\"listing-item\"><a class=\"image\" href=\"https:\/\/parafiadrohiczyn.pl\/index.php\/2023\/06\/20\/program-polkolonii-w-parafii-drohiczyn-26-06-2-07-2023\/\"><img loading=\"lazy\" decoding=\"async\" width=\"300\" height=\"283\" src=\"https:\/\/parafiadrohiczyn.pl\/wp-content\/uploads\/2023\/07\/family-games-summer-vacation-tag-header-1-300x283.jpg\" class=\"attachment-medium size-medium wp-post-image\" alt=\"\" srcset=\"https:\/\/parafiadrohiczyn.pl\/wp-content\/uploads\/2023\/07\/family-games-summer-vacation-tag-header-1-300x283.jpg 300w, https:\/\/parafiadrohiczyn.pl\/wp-content\/uploads\/2023\/07\/family-games-summer-vacation-tag-header-1.jpg 465w\" sizes=\"auto, (max-width: 300px) 100vw, 300px\" \/><\/a> <a class=\"title\" href=\"https:\/\/parafiadrohiczyn.pl\/index.php\/2023\/06\/20\/program-polkolonii-w-parafii-drohiczyn-26-06-2-07-2023\/\">Program P\u00f3\u0142kolonii w Parafii Drohiczyn 26.06.-2.07.2023<\/a> <span class=\"date\">20 czerwca, 2023<\/span> <span class=\"excerpt-dash\">-<\/span> <span class=\"excerpt\">&nbsp;<\/span><\/div><div class=\"listing-item\"><a class=\"image\" href=\"https:\/\/parafiadrohiczyn.pl\/index.php\/2023\/06\/07\/odpust-trojcy-przenajswietszej\/\"><img loading=\"lazy\" decoding=\"async\" width=\"300\" height=\"279\" src=\"https:\/\/parafiadrohiczyn.pl\/wp-content\/uploads\/2023\/07\/DSC_09671-e1688380241641-300x279.jpg\" class=\"attachment-medium size-medium wp-post-image\" alt=\"\" srcset=\"https:\/\/parafiadrohiczyn.pl\/wp-content\/uploads\/2023\/07\/DSC_09671-e1688380241641-300x279.jpg 300w, https:\/\/parafiadrohiczyn.pl\/wp-content\/uploads\/2023\/07\/DSC_09671-e1688380241641-1024x952.jpg 1024w, https:\/\/parafiadrohiczyn.pl\/wp-content\/uploads\/2023\/07\/DSC_09671-e1688380241641-768x714.jpg 768w, https:\/\/parafiadrohiczyn.pl\/wp-content\/uploads\/2023\/07\/DSC_09671-e1688380241641-624x580.jpg 624w, https:\/\/parafiadrohiczyn.pl\/wp-content\/uploads\/2023\/07\/DSC_09671-e1688380241641.jpg 1372w\" sizes=\"auto, (max-width: 300px) 100vw, 300px\" \/><\/a> <a class=\"title\" href=\"https:\/\/parafiadrohiczyn.pl\/index.php\/2023\/06\/07\/odpust-trojcy-przenajswietszej\/\">ODPUST TR\u00d3JCY PRZENAJ\u015aWI\u0118TSZEJ<\/a> <span class=\"date\">07 czerwca, 2023<\/span> <span class=\"excerpt-dash\">-<\/span> <span class=\"excerpt\">W niedziel\u0119 4 czerwca 2023 r., prze\u017cywali\u015bmy g\u0142\u00f3wny odpust w naszej parafii z racji tytu\u0142u&nbsp;Katedry&nbsp;\u2013&nbsp;Uroczysto\u015b\u0107 Tr\u00f3jcy Przenaj\u015bwi\u0119tszej. Kazania odpustowe g\u0142osi\u0142 i uroczystej Mszy \u015bw. o godz. 12.00 przewodniczy\u0142 ks. kan. Miros\u0142aw \u0141aziuk, wiceoficja\u0142 S\u0105du Biskupiego w Drohiczynie. Na Mszy \u015bw. o godz. 12.00 dzieci z klasy IV, kt\u00f3re rok temu przyj\u0119\u0142y I Komuni\u0119 \u015bw. obchodzi\u0142y [&hellip;]<\/span><\/div><div class=\"listing-item\"><a class=\"image\" href=\"https:\/\/parafiadrohiczyn.pl\/index.php\/2023\/06\/02\/pielgrzymka-do-kodnia-dzieci-komunijnych\/\"><img loading=\"lazy\" decoding=\"async\" width=\"300\" height=\"241\" src=\"https:\/\/parafiadrohiczyn.pl\/wp-content\/uploads\/2023\/06\/nowe-2-300x241.jpg\" class=\"attachment-medium size-medium wp-post-image\" alt=\"\" srcset=\"https:\/\/parafiadrohiczyn.pl\/wp-content\/uploads\/2023\/06\/nowe-2-300x241.jpg 300w, https:\/\/parafiadrohiczyn.pl\/wp-content\/uploads\/2023\/06\/nowe-2-768x618.jpg 768w, https:\/\/parafiadrohiczyn.pl\/wp-content\/uploads\/2023\/06\/nowe-2-624x502.jpg 624w, https:\/\/parafiadrohiczyn.pl\/wp-content\/uploads\/2023\/06\/nowe-2.jpg 1021w\" sizes=\"auto, (max-width: 300px) 100vw, 300px\" \/><\/a> <a class=\"title\" href=\"https:\/\/parafiadrohiczyn.pl\/index.php\/2023\/06\/02\/pielgrzymka-do-kodnia-dzieci-komunijnych\/\">PIELGRZYMKA DO KODNIA\u00a0 DZIECI \u00a0KOMUNIJNYCH<\/a> <span class=\"date\">02 czerwca, 2023<\/span> <span class=\"excerpt-dash\">-<\/span> <span class=\"excerpt\">We wtorek 30 maja 2023 r. dzieci komunijne z parafii drohiczy\u0144skiej wraz z rodzicami, s. Ann\u0105 i ks. proboszczem Wies\u0142awem Niemyjskim, uda\u0142y si\u0119 na pielgrzymk\u0119 do sanktuarium Matki Bo\u017cej Kode\u0144skiej, Kr\u00f3lowej Podlasia i Matki Jedno\u015bci w Kodniu. By\u0142 pi\u0119kny s\u0142oneczny dzie\u0144. W Kodniu dzieci w strojach komunijnych uczestniczy\u0142y we Mszy \u015bw., kt\u00f3r\u0105 poprzedzi\u0142a opowie\u015b\u0107 o. [&hellip;]<\/span><\/div><div class=\"listing-item\"><a class=\"image\" href=\"https:\/\/parafiadrohiczyn.pl\/index.php\/2023\/05\/24\/dzien-urodzin-sw-jana-pawla-ii\/\"><img loading=\"lazy\" decoding=\"async\" width=\"300\" height=\"225\" src=\"https:\/\/parafiadrohiczyn.pl\/wp-content\/uploads\/2023\/05\/DSC09344-300x225.jpg\" class=\"attachment-medium size-medium wp-post-image\" alt=\"\" srcset=\"https:\/\/parafiadrohiczyn.pl\/wp-content\/uploads\/2023\/05\/DSC09344-300x225.jpg 300w, https:\/\/parafiadrohiczyn.pl\/wp-content\/uploads\/2023\/05\/DSC09344-1024x768.jpg 1024w, https:\/\/parafiadrohiczyn.pl\/wp-content\/uploads\/2023\/05\/DSC09344-768x576.jpg 768w, https:\/\/parafiadrohiczyn.pl\/wp-content\/uploads\/2023\/05\/DSC09344-1536x1152.jpg 1536w, https:\/\/parafiadrohiczyn.pl\/wp-content\/uploads\/2023\/05\/DSC09344-2048x1536.jpg 2048w, https:\/\/parafiadrohiczyn.pl\/wp-content\/uploads\/2023\/05\/DSC09344-624x468.jpg 624w\" sizes=\"auto, (max-width: 300px) 100vw, 300px\" \/><\/a> <a class=\"title\" href=\"https:\/\/parafiadrohiczyn.pl\/index.php\/2023\/05\/24\/dzien-urodzin-sw-jana-pawla-ii\/\">DZIE\u0143 URODZIN \u015aW. JANA PAW\u0141A II<\/a> <span class=\"date\">24 maja, 2023<\/span> <span class=\"excerpt-dash\">-<\/span> <span class=\"excerpt\">W czwartek 18 maja 2023 r., obchodzili\u015bmy 103 rocznic\u0119 urodzin \u015bw. Jana Paw\u0142a II. &nbsp;Po Mszy \u015bw. o godz. 18.00 w katedrze udali\u015bmy si\u0119 z procesj\u0105 r\u00f3\u017ca\u0144cow\u0105 pod kopiec papieski przy naszej szkole. &nbsp;W trakcie drogi modlili\u015bmy &nbsp;si\u0119 w intencji powo\u0142a\u0144. Modlitwie przewodniczy\u0142 ks. proboszcz Wies\u0142aw Niemyjski i S. Ma\u0142gorzata, nasza organistka. W procesji, pomimo [&hellip;]<\/span><\/div><div class=\"listing-item\"><a class=\"image\" href=\"https:\/\/parafiadrohiczyn.pl\/index.php\/2023\/03\/06\/przeglad-piesnie-wielkopostnych-i-pasyjnych\/\"><img loading=\"lazy\" decoding=\"async\" width=\"212\" height=\"300\" src=\"https:\/\/parafiadrohiczyn.pl\/wp-content\/uploads\/2023\/03\/przegla-piesni-1-212x300.jpg\" class=\"attachment-medium size-medium wp-post-image\" alt=\"\" srcset=\"https:\/\/parafiadrohiczyn.pl\/wp-content\/uploads\/2023\/03\/przegla-piesni-1-212x300.jpg 212w, https:\/\/parafiadrohiczyn.pl\/wp-content\/uploads\/2023\/03\/przegla-piesni-1-725x1024.jpg 725w, https:\/\/parafiadrohiczyn.pl\/wp-content\/uploads\/2023\/03\/przegla-piesni-1-768x1085.jpg 768w, https:\/\/parafiadrohiczyn.pl\/wp-content\/uploads\/2023\/03\/przegla-piesni-1-624x882.jpg 624w, https:\/\/parafiadrohiczyn.pl\/wp-content\/uploads\/2023\/03\/przegla-piesni-1.jpg 1024w\" sizes=\"auto, (max-width: 212px) 100vw, 212px\" \/><\/a> <a class=\"title\" href=\"https:\/\/parafiadrohiczyn.pl\/index.php\/2023\/03\/06\/przeglad-piesnie-wielkopostnych-i-pasyjnych\/\">Przegl\u0105d Pie\u015bni Wielkopostnych i Pasyjnych<\/a> <span class=\"date\">06 marca, 2023<\/span> <span class=\"excerpt-dash\">-<\/span> <span class=\"excerpt\">19 marca 2023, godz. 14.00 SALA MGOK W DROHICZYNIE Zg\u0142oszenia do 13.03.2023<\/span><\/div><\/div>\n","protected":false},"excerpt":{"rendered":"","protected":false},"author":1,"featured_media":0,"parent":183,"menu_order":0,"comment_status":"closed","ping_status":"closed","template":"","meta":{"footnotes":""},"class_list":["post-433","page","type-page","status-publish","hentry"],"_links":{"self":[{"href":"https:\/\/parafiadrohiczyn.pl\/index.php\/wp-json\/wp\/v2\/pages\/433","targetHints":{"allow":["GET"]}}],"collection":[{"href":"https:\/\/parafiadrohiczyn.pl\/index.php\/wp-json\/wp\/v2\/pages"}],"about":[{"href":"https:\/\/parafiadrohiczyn.pl\/index.php\/wp-json\/wp\/v2\/types\/page"}],"author":[{"embeddable":true,"href":"https:\/\/parafiadrohiczyn.pl\/index.php\/wp-json\/wp\/v2\/users\/1"}],"replies":[{"embeddable":true,"href":"https:\/\/parafiadrohiczyn.pl\/index.php\/wp-json\/wp\/v2\/comments?post=433"}],"version-history":[{"count":3,"href":"https:\/\/parafiadrohiczyn.pl\/index.php\/wp-json\/wp\/v2\/pages\/433\/revisions"}],"predecessor-version":[{"id":1043,"href":"https:\/\/parafiadrohiczyn.pl\/index.php\/wp-json\/wp\/v2\/pages\/433\/revisions\/1043"}],"up":[{"embeddable":true,"href":"https:\/\/parafiadrohiczyn.pl\/index.php\/wp-json\/wp\/v2\/pages\/183"}],"wp:attachment":[{"href":"https:\/\/parafiadrohiczyn.pl\/index.php\/wp-json\/wp\/v2\/media?parent=433"}],"curies":[{"name":"wp","href":"https:\/\/api.w.org\/{rel}","templated":true}]}}