{"id":384,"date":"2021-03-18T22:41:49","date_gmt":"2021-03-18T21:41:49","guid":{"rendered":"http:\/\/51.83.132.88\/?page_id=384"},"modified":"2022-03-11T14:51:16","modified_gmt":"2022-03-11T13:51:16","slug":"intencje","status":"publish","type":"page","link":"https:\/\/parafiadrohiczyn.pl\/index.php\/aktualnosci\/intencje\/","title":{"rendered":"Intencje"},"content":{"rendered":"\n<div class=\"display-posts-listing grid\"><div class=\"listing-item\"><a class=\"image\" href=\"https:\/\/parafiadrohiczyn.pl\/index.php\/2026\/04\/26\/intencje-mszalne-27-04-3-05-2026-r\/\"><img loading=\"lazy\" decoding=\"async\" width=\"300\" height=\"300\" src=\"https:\/\/parafiadrohiczyn.pl\/wp-content\/uploads\/2021\/03\/32972184_2183948951622751_50933287018823680_o-300x300.jpg\" class=\"attachment-medium size-medium wp-post-image\" alt=\"\" srcset=\"https:\/\/parafiadrohiczyn.pl\/wp-content\/uploads\/2021\/03\/32972184_2183948951622751_50933287018823680_o-300x300.jpg 300w, https:\/\/parafiadrohiczyn.pl\/wp-content\/uploads\/2021\/03\/32972184_2183948951622751_50933287018823680_o-1024x1024.jpg 1024w, https:\/\/parafiadrohiczyn.pl\/wp-content\/uploads\/2021\/03\/32972184_2183948951622751_50933287018823680_o-150x150.jpg 150w, https:\/\/parafiadrohiczyn.pl\/wp-content\/uploads\/2021\/03\/32972184_2183948951622751_50933287018823680_o-768x768.jpg 768w, https:\/\/parafiadrohiczyn.pl\/wp-content\/uploads\/2021\/03\/32972184_2183948951622751_50933287018823680_o-624x624.jpg 624w, https:\/\/parafiadrohiczyn.pl\/wp-content\/uploads\/2021\/03\/32972184_2183948951622751_50933287018823680_o.jpg 1375w\" sizes=\"auto, (max-width: 300px) 100vw, 300px\" \/><\/a> <a class=\"title\" href=\"https:\/\/parafiadrohiczyn.pl\/index.php\/2026\/04\/26\/intencje-mszalne-27-04-3-05-2026-r\/\">Intencje mszalne 27.04-3.05.2026 r.<\/a> <span class=\"date\">26 kwietnia, 2026<\/span> <span class=\"excerpt-dash\">-<\/span> <span class=\"excerpt\">DZIE\u0143 GODZINA INTENCJE Poniedzia\u0142ek 27 kwietniagodz. 7.00 k. pofranciszka\u0144ski 1\/ za + Rozali\u0119 Kluczewsk\u0105 \u00a0greg.- ks. Marian2\/ O Bo\u017ce b\u0142ogos\u0142awie\u0144stwo, opiek\u0119 MB, Anio\u0142a Str\u00f3\u017ca i pomoc w zdaniu egzamin\u00f3w maturalnych i wyborze kierunku studi\u00f3w w 19 urodziny Olafa \u2013 ks. Proboszcz\/w kaplicy&hellip; <span class=\"excerpt-more\"><\/span><\/span><\/div><div class=\"listing-item\"><a class=\"image\" href=\"https:\/\/parafiadrohiczyn.pl\/index.php\/2026\/04\/21\/intencje-mszalne-20-26-04-2026-r\/\"><img loading=\"lazy\" decoding=\"async\" width=\"300\" height=\"300\" src=\"https:\/\/parafiadrohiczyn.pl\/wp-content\/uploads\/2021\/03\/32972184_2183948951622751_50933287018823680_o-300x300.jpg\" class=\"attachment-medium size-medium wp-post-image\" alt=\"\" srcset=\"https:\/\/parafiadrohiczyn.pl\/wp-content\/uploads\/2021\/03\/32972184_2183948951622751_50933287018823680_o-300x300.jpg 300w, https:\/\/parafiadrohiczyn.pl\/wp-content\/uploads\/2021\/03\/32972184_2183948951622751_50933287018823680_o-1024x1024.jpg 1024w, https:\/\/parafiadrohiczyn.pl\/wp-content\/uploads\/2021\/03\/32972184_2183948951622751_50933287018823680_o-150x150.jpg 150w, https:\/\/parafiadrohiczyn.pl\/wp-content\/uploads\/2021\/03\/32972184_2183948951622751_50933287018823680_o-768x768.jpg 768w, https:\/\/parafiadrohiczyn.pl\/wp-content\/uploads\/2021\/03\/32972184_2183948951622751_50933287018823680_o-624x624.jpg 624w, https:\/\/parafiadrohiczyn.pl\/wp-content\/uploads\/2021\/03\/32972184_2183948951622751_50933287018823680_o.jpg 1375w\" sizes=\"auto, (max-width: 300px) 100vw, 300px\" \/><\/a> <a class=\"title\" href=\"https:\/\/parafiadrohiczyn.pl\/index.php\/2026\/04\/21\/intencje-mszalne-20-26-04-2026-r\/\">Intencje mszalne &#8211; 20-26.04.2026 r.<\/a> <span class=\"date\">21 kwietnia, 2026<\/span> <span class=\"excerpt-dash\">-<\/span> <span class=\"excerpt\">DZIE\u0143 GODZINA INTENCJE Poniedzia\u0142ek 20 kwietniagodz. 7.00 k. pofranciszka\u0144ski 1\/ za + Rozali\u0119 Kluczewsk\u0105 &nbsp;greg.- ks. Marian2\/ W intencji Agnieszki, z okazji imienin o Bo\u017ce b\u0142ogos\u0142awie\u0144stwo i potrzebne \u0142aski \u2013 ofiarowa\u0142 Franciszka\u0144ski Zakon \u015awieckich &nbsp;\u2013 ks. Proboszcz\/w kaplicy Si\u00f3str benedyktynek ks. Kazimierz&hellip; <span class=\"excerpt-more\"><\/span><\/span><\/div><div class=\"listing-item\"><a class=\"image\" href=\"https:\/\/parafiadrohiczyn.pl\/index.php\/2026\/04\/15\/intencje-mszalne-13-19-04-2026-r\/\"><img loading=\"lazy\" decoding=\"async\" width=\"300\" height=\"300\" src=\"https:\/\/parafiadrohiczyn.pl\/wp-content\/uploads\/2021\/03\/32972184_2183948951622751_50933287018823680_o-300x300.jpg\" class=\"attachment-medium size-medium wp-post-image\" alt=\"\" srcset=\"https:\/\/parafiadrohiczyn.pl\/wp-content\/uploads\/2021\/03\/32972184_2183948951622751_50933287018823680_o-300x300.jpg 300w, https:\/\/parafiadrohiczyn.pl\/wp-content\/uploads\/2021\/03\/32972184_2183948951622751_50933287018823680_o-1024x1024.jpg 1024w, https:\/\/parafiadrohiczyn.pl\/wp-content\/uploads\/2021\/03\/32972184_2183948951622751_50933287018823680_o-150x150.jpg 150w, https:\/\/parafiadrohiczyn.pl\/wp-content\/uploads\/2021\/03\/32972184_2183948951622751_50933287018823680_o-768x768.jpg 768w, https:\/\/parafiadrohiczyn.pl\/wp-content\/uploads\/2021\/03\/32972184_2183948951622751_50933287018823680_o-624x624.jpg 624w, https:\/\/parafiadrohiczyn.pl\/wp-content\/uploads\/2021\/03\/32972184_2183948951622751_50933287018823680_o.jpg 1375w\" sizes=\"auto, (max-width: 300px) 100vw, 300px\" \/><\/a> <a class=\"title\" href=\"https:\/\/parafiadrohiczyn.pl\/index.php\/2026\/04\/15\/intencje-mszalne-13-19-04-2026-r\/\">Intencje mszalne 13-19.04.2026 r.<\/a> <span class=\"date\">15 kwietnia, 2026<\/span> <span class=\"excerpt-dash\">-<\/span> <span class=\"excerpt\">DZIE\u0143 GODZINA INTENCJE Poniedzia\u0142ek 13 kwietniagodz. 7.00 k. pofranciszka\u0144ski 1\/ O \u0142ask\u0119 zdrowia, dary Ducha \u015awi\u0119tego, opiek\u0119 MB i \u015bw. Patron\u00f3w dla Paw\u0142a, Michaliny, Antoniny w 14 urodziny \u2013 ks. Proboszcz2\/ za + Kazimierza Pieczyskiego u. pog. \u2013 ks. \u0141ukasz3\/ za +&hellip; <span class=\"excerpt-more\"><\/span><\/span><\/div><div class=\"listing-item\"><a class=\"image\" href=\"https:\/\/parafiadrohiczyn.pl\/index.php\/2026\/03\/16\/intencje-mszalne-16-22-03-2026-r\/\"><img loading=\"lazy\" decoding=\"async\" width=\"300\" height=\"300\" src=\"https:\/\/parafiadrohiczyn.pl\/wp-content\/uploads\/2021\/03\/32972184_2183948951622751_50933287018823680_o-300x300.jpg\" class=\"attachment-medium size-medium wp-post-image\" alt=\"\" srcset=\"https:\/\/parafiadrohiczyn.pl\/wp-content\/uploads\/2021\/03\/32972184_2183948951622751_50933287018823680_o-300x300.jpg 300w, https:\/\/parafiadrohiczyn.pl\/wp-content\/uploads\/2021\/03\/32972184_2183948951622751_50933287018823680_o-1024x1024.jpg 1024w, https:\/\/parafiadrohiczyn.pl\/wp-content\/uploads\/2021\/03\/32972184_2183948951622751_50933287018823680_o-150x150.jpg 150w, https:\/\/parafiadrohiczyn.pl\/wp-content\/uploads\/2021\/03\/32972184_2183948951622751_50933287018823680_o-768x768.jpg 768w, https:\/\/parafiadrohiczyn.pl\/wp-content\/uploads\/2021\/03\/32972184_2183948951622751_50933287018823680_o-624x624.jpg 624w, https:\/\/parafiadrohiczyn.pl\/wp-content\/uploads\/2021\/03\/32972184_2183948951622751_50933287018823680_o.jpg 1375w\" sizes=\"auto, (max-width: 300px) 100vw, 300px\" \/><\/a> <a class=\"title\" href=\"https:\/\/parafiadrohiczyn.pl\/index.php\/2026\/03\/16\/intencje-mszalne-16-22-03-2026-r\/\">Intencje mszalne 16-22.03.2026 r.<\/a> <span class=\"date\">16 marca, 2026<\/span> <span class=\"excerpt-dash\">-<\/span> <span class=\"excerpt\">DZIE\u0143 GODZINA INTENCJE Poniedzia\u0142ek 16 marcagodz. 7.00 k. pofranciszka\u0144ski 1\/ za + Wand\u0119 Maksymiak greg \u2013 ks. Marian2\/ za + Juli\u0119 i Leona oraz ich rodzic\u00f3w \u2013 ks. Proboszczgodz. 7.00 ss. Bened. Za parafian \u2013 Ks. Kazimierzgodz. 18.00Katedra1\/ za + ks. Piotra&hellip; <span class=\"excerpt-more\"><\/span><\/span><\/div><div class=\"listing-item\"><a class=\"image\" href=\"https:\/\/parafiadrohiczyn.pl\/index.php\/2026\/02\/17\/intencje-mszalne-16-22-02-2026-r\/\"><img loading=\"lazy\" decoding=\"async\" width=\"300\" height=\"300\" src=\"https:\/\/parafiadrohiczyn.pl\/wp-content\/uploads\/2021\/03\/32972184_2183948951622751_50933287018823680_o-300x300.jpg\" class=\"attachment-medium size-medium wp-post-image\" alt=\"\" srcset=\"https:\/\/parafiadrohiczyn.pl\/wp-content\/uploads\/2021\/03\/32972184_2183948951622751_50933287018823680_o-300x300.jpg 300w, https:\/\/parafiadrohiczyn.pl\/wp-content\/uploads\/2021\/03\/32972184_2183948951622751_50933287018823680_o-1024x1024.jpg 1024w, https:\/\/parafiadrohiczyn.pl\/wp-content\/uploads\/2021\/03\/32972184_2183948951622751_50933287018823680_o-150x150.jpg 150w, https:\/\/parafiadrohiczyn.pl\/wp-content\/uploads\/2021\/03\/32972184_2183948951622751_50933287018823680_o-768x768.jpg 768w, https:\/\/parafiadrohiczyn.pl\/wp-content\/uploads\/2021\/03\/32972184_2183948951622751_50933287018823680_o-624x624.jpg 624w, https:\/\/parafiadrohiczyn.pl\/wp-content\/uploads\/2021\/03\/32972184_2183948951622751_50933287018823680_o.jpg 1375w\" sizes=\"auto, (max-width: 300px) 100vw, 300px\" \/><\/a> <a class=\"title\" href=\"https:\/\/parafiadrohiczyn.pl\/index.php\/2026\/02\/17\/intencje-mszalne-16-22-02-2026-r\/\">Intencje mszalne 16-22.02.2026 r.<\/a> <span class=\"date\">17 lutego, 2026<\/span> <span class=\"excerpt-dash\">-<\/span> <span class=\"excerpt\">DZIE\u0143 GODZINA INTENCJE Poniedzia\u0142ek 16 lutegogodz. 7.00 k. pofranciszka\u0144ski 1\/&nbsp;za + Mieczys\u0142awa Mi\u0142kowskiego greg. -&nbsp;ks. Mariangodz. 7.00 ss. Bened. 1\/ za + Leszka Zubczy\u0144skiego greg. \u2013&nbsp;Ks. Kazimierzgodz. 18.00Katedra1\/ za + Sabin\u0119 i Stanis\u0142awa i zmar\u0142ych z ich rodzin&nbsp;\u2013 ks. Proboszcz2\/&nbsp;za + Jerzego&hellip; <span class=\"excerpt-more\"><\/span><\/span><\/div><div class=\"listing-item\"><a class=\"image\" href=\"https:\/\/parafiadrohiczyn.pl\/index.php\/2026\/02\/02\/intencje-mszalne-2-8-02-2026-r\/\"><img loading=\"lazy\" decoding=\"async\" width=\"300\" height=\"300\" src=\"https:\/\/parafiadrohiczyn.pl\/wp-content\/uploads\/2021\/03\/32972184_2183948951622751_50933287018823680_o-300x300.jpg\" class=\"attachment-medium size-medium wp-post-image\" alt=\"\" srcset=\"https:\/\/parafiadrohiczyn.pl\/wp-content\/uploads\/2021\/03\/32972184_2183948951622751_50933287018823680_o-300x300.jpg 300w, https:\/\/parafiadrohiczyn.pl\/wp-content\/uploads\/2021\/03\/32972184_2183948951622751_50933287018823680_o-1024x1024.jpg 1024w, https:\/\/parafiadrohiczyn.pl\/wp-content\/uploads\/2021\/03\/32972184_2183948951622751_50933287018823680_o-150x150.jpg 150w, https:\/\/parafiadrohiczyn.pl\/wp-content\/uploads\/2021\/03\/32972184_2183948951622751_50933287018823680_o-768x768.jpg 768w, https:\/\/parafiadrohiczyn.pl\/wp-content\/uploads\/2021\/03\/32972184_2183948951622751_50933287018823680_o-624x624.jpg 624w, https:\/\/parafiadrohiczyn.pl\/wp-content\/uploads\/2021\/03\/32972184_2183948951622751_50933287018823680_o.jpg 1375w\" sizes=\"auto, (max-width: 300px) 100vw, 300px\" \/><\/a> <a class=\"title\" href=\"https:\/\/parafiadrohiczyn.pl\/index.php\/2026\/02\/02\/intencje-mszalne-2-8-02-2026-r\/\">Intencje mszalne 2-8.02.2026 r.<\/a> <span class=\"date\">02 lutego, 2026<\/span> <span class=\"excerpt-dash\">-<\/span> <span class=\"excerpt\">DZIE\u0143 GODZINA INTENCJE Poniedzia\u0142ek 2 lutegogodz. 7.00 k. pofranciszka\u0144ski 1\/ za + Mieczys\u0142awa Mi\u0142kowskiego greg. - ks. MarianW kaplicy si\u00f3str Benedyktynek ks. Kazimierz modli si\u0119za + Leszka Zubczy\u0144skiego greg.\u015awi\u0119toOfiarowaniaPa\u0144skiegogodz. 7.00 ss. Bened. 1\/ za + Leszka Zubczy\u0144skiego greg. \u2013 Ks. Kazimierzgodz. 10.00Katedra1\/&hellip; <span class=\"excerpt-more\"><\/span><\/span><\/div><div class=\"listing-item\"><a class=\"image\" href=\"https:\/\/parafiadrohiczyn.pl\/index.php\/2026\/01\/19\/intencje-mszalne-19-25-01-2026-r\/\"><img loading=\"lazy\" decoding=\"async\" width=\"300\" height=\"300\" src=\"https:\/\/parafiadrohiczyn.pl\/wp-content\/uploads\/2021\/03\/32972184_2183948951622751_50933287018823680_o-300x300.jpg\" class=\"attachment-medium size-medium wp-post-image\" alt=\"\" srcset=\"https:\/\/parafiadrohiczyn.pl\/wp-content\/uploads\/2021\/03\/32972184_2183948951622751_50933287018823680_o-300x300.jpg 300w, https:\/\/parafiadrohiczyn.pl\/wp-content\/uploads\/2021\/03\/32972184_2183948951622751_50933287018823680_o-1024x1024.jpg 1024w, https:\/\/parafiadrohiczyn.pl\/wp-content\/uploads\/2021\/03\/32972184_2183948951622751_50933287018823680_o-150x150.jpg 150w, https:\/\/parafiadrohiczyn.pl\/wp-content\/uploads\/2021\/03\/32972184_2183948951622751_50933287018823680_o-768x768.jpg 768w, https:\/\/parafiadrohiczyn.pl\/wp-content\/uploads\/2021\/03\/32972184_2183948951622751_50933287018823680_o-624x624.jpg 624w, https:\/\/parafiadrohiczyn.pl\/wp-content\/uploads\/2021\/03\/32972184_2183948951622751_50933287018823680_o.jpg 1375w\" sizes=\"auto, (max-width: 300px) 100vw, 300px\" \/><\/a> <a class=\"title\" href=\"https:\/\/parafiadrohiczyn.pl\/index.php\/2026\/01\/19\/intencje-mszalne-19-25-01-2026-r\/\">Intencje mszalne 19-25.01.2026 r.<\/a> <span class=\"date\">19 stycznia, 2026<\/span> <span class=\"excerpt-dash\">-<\/span> <span class=\"excerpt\">DZIE\u0143 GODZINA INTENCJE Poniedzia\u0142ek 19 styczniagodz. 7.00 k. pofranciszka\u0144ski 1\/ za + Tadeusza Michaluka greg - ks. Marian2\/ za + Stanis\u0142aw\u0119 i Lucjana St\u0119pkowskich i Zdzis\u0142awa St\u0119pkowskiego \u2013 ks. Proboszcz3\/ za + Helen\u0119, Kazimierza, Antoniego i zm. z rodziny Mi\u0142kowskich i Kosi\u0144skich&hellip; <span class=\"excerpt-more\"><\/span><\/span><\/div><div class=\"listing-item\"><a class=\"image\" href=\"https:\/\/parafiadrohiczyn.pl\/index.php\/2026\/01\/05\/intencje-mszalne-5-11-01-2026-r\/\"><img loading=\"lazy\" decoding=\"async\" width=\"300\" height=\"300\" src=\"https:\/\/parafiadrohiczyn.pl\/wp-content\/uploads\/2021\/03\/32972184_2183948951622751_50933287018823680_o-300x300.jpg\" class=\"attachment-medium size-medium wp-post-image\" alt=\"\" srcset=\"https:\/\/parafiadrohiczyn.pl\/wp-content\/uploads\/2021\/03\/32972184_2183948951622751_50933287018823680_o-300x300.jpg 300w, https:\/\/parafiadrohiczyn.pl\/wp-content\/uploads\/2021\/03\/32972184_2183948951622751_50933287018823680_o-1024x1024.jpg 1024w, https:\/\/parafiadrohiczyn.pl\/wp-content\/uploads\/2021\/03\/32972184_2183948951622751_50933287018823680_o-150x150.jpg 150w, https:\/\/parafiadrohiczyn.pl\/wp-content\/uploads\/2021\/03\/32972184_2183948951622751_50933287018823680_o-768x768.jpg 768w, https:\/\/parafiadrohiczyn.pl\/wp-content\/uploads\/2021\/03\/32972184_2183948951622751_50933287018823680_o-624x624.jpg 624w, https:\/\/parafiadrohiczyn.pl\/wp-content\/uploads\/2021\/03\/32972184_2183948951622751_50933287018823680_o.jpg 1375w\" sizes=\"auto, (max-width: 300px) 100vw, 300px\" \/><\/a> <a class=\"title\" href=\"https:\/\/parafiadrohiczyn.pl\/index.php\/2026\/01\/05\/intencje-mszalne-5-11-01-2026-r\/\">Intencje mszalne 5-11.01.2026 r.<\/a> <span class=\"date\">05 stycznia, 2026<\/span> <span class=\"excerpt-dash\">-<\/span> <span class=\"excerpt\">DZIE\u0143 GODZINA INTENCJE Poniedzia\u0142ek 5 styczniagodz. 7.00 k. pofranciszka\u0144ski 1\/ za + Tadeusza Michaluka greg - ks. Marian2\/ za + Marcina Lipi\u0144skiego greg \u2013 ks. \u0141ukasz3\/ Dzi\u0119kczynno - b\u0142agalna w intencji Kamila w rocznic\u0119 urodzin, o Bo\u017ce b\u0142ogos\u0142awie\u0144stwo i opiek\u0119 MB \u2013&hellip; <span class=\"excerpt-more\"><\/span><\/span><\/div><div class=\"listing-item\"><a class=\"image\" href=\"https:\/\/parafiadrohiczyn.pl\/index.php\/2025\/12\/29\/intencje-mszalne-29-12-2025-r-4-01-2026-r\/\"><img loading=\"lazy\" decoding=\"async\" width=\"300\" height=\"300\" src=\"https:\/\/parafiadrohiczyn.pl\/wp-content\/uploads\/2021\/03\/32972184_2183948951622751_50933287018823680_o-300x300.jpg\" class=\"attachment-medium size-medium wp-post-image\" alt=\"\" srcset=\"https:\/\/parafiadrohiczyn.pl\/wp-content\/uploads\/2021\/03\/32972184_2183948951622751_50933287018823680_o-300x300.jpg 300w, https:\/\/parafiadrohiczyn.pl\/wp-content\/uploads\/2021\/03\/32972184_2183948951622751_50933287018823680_o-1024x1024.jpg 1024w, https:\/\/parafiadrohiczyn.pl\/wp-content\/uploads\/2021\/03\/32972184_2183948951622751_50933287018823680_o-150x150.jpg 150w, https:\/\/parafiadrohiczyn.pl\/wp-content\/uploads\/2021\/03\/32972184_2183948951622751_50933287018823680_o-768x768.jpg 768w, https:\/\/parafiadrohiczyn.pl\/wp-content\/uploads\/2021\/03\/32972184_2183948951622751_50933287018823680_o-624x624.jpg 624w, https:\/\/parafiadrohiczyn.pl\/wp-content\/uploads\/2021\/03\/32972184_2183948951622751_50933287018823680_o.jpg 1375w\" sizes=\"auto, (max-width: 300px) 100vw, 300px\" \/><\/a> <a class=\"title\" href=\"https:\/\/parafiadrohiczyn.pl\/index.php\/2025\/12\/29\/intencje-mszalne-29-12-2025-r-4-01-2026-r\/\">Intencje mszalne 29.12.2025 r. &#8211; 4.01.2026 r.<\/a> <span class=\"date\">29 grudnia, 2025<\/span> <span class=\"excerpt-dash\">-<\/span> <span class=\"excerpt\">DZIE\u0143 GODZINA INTENCJE Poniedzia\u0142ek 29 grudniagodz. 7.00 k. pofranciszka\u0144ski 1\/ za + Stanis\u0142awa Borowskiego greg.&nbsp;-&nbsp;ks. Marian2\/ za + Mieczys\u0142awa Mi\u0142kowskiego u. pog.&nbsp;\u2013 ks. \u0141ukaszgodz. 7.00 ss. Bened. 1\/ za + Henryka Mackiewicza greg.&nbsp;&nbsp;\u2013&nbsp;Ks. Proboszczgodz. 18.00 Katedra1\/ za + Cezariusza Dropia i Agnieszk\u0119&hellip; <span class=\"excerpt-more\"><\/span><\/span><\/div><div class=\"listing-item\"><a class=\"image\" href=\"https:\/\/parafiadrohiczyn.pl\/index.php\/2025\/12\/22\/intencje-mszalne-22-28-12-2025-r\/\"><img loading=\"lazy\" decoding=\"async\" width=\"300\" height=\"300\" src=\"https:\/\/parafiadrohiczyn.pl\/wp-content\/uploads\/2021\/03\/32972184_2183948951622751_50933287018823680_o-300x300.jpg\" class=\"attachment-medium size-medium wp-post-image\" alt=\"\" srcset=\"https:\/\/parafiadrohiczyn.pl\/wp-content\/uploads\/2021\/03\/32972184_2183948951622751_50933287018823680_o-300x300.jpg 300w, https:\/\/parafiadrohiczyn.pl\/wp-content\/uploads\/2021\/03\/32972184_2183948951622751_50933287018823680_o-1024x1024.jpg 1024w, https:\/\/parafiadrohiczyn.pl\/wp-content\/uploads\/2021\/03\/32972184_2183948951622751_50933287018823680_o-150x150.jpg 150w, https:\/\/parafiadrohiczyn.pl\/wp-content\/uploads\/2021\/03\/32972184_2183948951622751_50933287018823680_o-768x768.jpg 768w, https:\/\/parafiadrohiczyn.pl\/wp-content\/uploads\/2021\/03\/32972184_2183948951622751_50933287018823680_o-624x624.jpg 624w, https:\/\/parafiadrohiczyn.pl\/wp-content\/uploads\/2021\/03\/32972184_2183948951622751_50933287018823680_o.jpg 1375w\" sizes=\"auto, (max-width: 300px) 100vw, 300px\" \/><\/a> <a class=\"title\" href=\"https:\/\/parafiadrohiczyn.pl\/index.php\/2025\/12\/22\/intencje-mszalne-22-28-12-2025-r\/\">Intencje mszalne 22-28.12.2025 r.<\/a> <span class=\"date\">22 grudnia, 2025<\/span> <span class=\"excerpt-dash\">-<\/span> <span class=\"excerpt\">DZIE\u0143 GODZINA INTENCJE Poniedzia\u0142ek 22 grudniagodz. 6.30 k. pofranciszka\u0144ski1\/ za + Stanis\u0142awa Borowskiego greg.&nbsp;-&nbsp;ks. \u0141ukasz2\/ za + Henryka Mackiewicza greg.&nbsp;\u2013 ks. Marian3\/ za + Konstantego i W\u0142adys\u0142aw\u0119 Koszelczuk&nbsp;\u2013 ks. Proboszcz&nbsp;godz. 7.00 ss. Bened. 1\/ Przez Niepokalane Serce Maryi, za dusze w czy\u015b\u0107cu&hellip; <span class=\"excerpt-more\"><\/span><\/span><\/div><\/div>\n","protected":false},"excerpt":{"rendered":"","protected":false},"author":1,"featured_media":0,"parent":183,"menu_order":0,"comment_status":"closed","ping_status":"closed","template":"","meta":{"footnotes":""},"class_list":["post-384","page","type-page","status-publish","hentry"],"_links":{"self":[{"href":"https:\/\/parafiadrohiczyn.pl\/index.php\/wp-json\/wp\/v2\/pages\/384","targetHints":{"allow":["GET"]}}],"collection":[{"href":"https:\/\/parafiadrohiczyn.pl\/index.php\/wp-json\/wp\/v2\/pages"}],"about":[{"href":"https:\/\/parafiadrohiczyn.pl\/index.php\/wp-json\/wp\/v2\/types\/page"}],"author":[{"embeddable":true,"href":"https:\/\/parafiadrohiczyn.pl\/index.php\/wp-json\/wp\/v2\/users\/1"}],"replies":[{"embeddable":true,"href":"https:\/\/parafiadrohiczyn.pl\/index.php\/wp-json\/wp\/v2\/comments?post=384"}],"version-history":[{"count":10,"href":"https:\/\/parafiadrohiczyn.pl\/index.php\/wp-json\/wp\/v2\/pages\/384\/revisions"}],"predecessor-version":[{"id":1048,"href":"https:\/\/parafiadrohiczyn.pl\/index.php\/wp-json\/wp\/v2\/pages\/384\/revisions\/1048"}],"up":[{"embeddable":true,"href":"https:\/\/parafiadrohiczyn.pl\/index.php\/wp-json\/wp\/v2\/pages\/183"}],"wp:attachment":[{"href":"https:\/\/parafiadrohiczyn.pl\/index.php\/wp-json\/wp\/v2\/media?parent=384"}],"curies":[{"name":"wp","href":"https:\/\/api.w.org\/{rel}","templated":true}]}}